{"id":1252,"date":"2025-10-14T17:09:26","date_gmt":"2025-10-14T20:09:26","guid":{"rendered":"https:\/\/viradasustentavel.org.br\/rio-de-janeiro\/eventos\/a-virada-sustentavel-vai-ao-parque-nacional-da-tijuca\/"},"modified":"2025-10-15T09:29:14","modified_gmt":"2025-10-15T12:29:14","slug":"a-virada-sustentavel-vai-ao-parque-nacional-da-tijuca","status":"publish","type":"tribe_events","link":"https:\/\/viradasustentavel.org.br\/rio-de-janeiro\/eventos\/a-virada-sustentavel-vai-ao-parque-nacional-da-tijuca\/","title":{"rendered":"A Virada Sustent\u00e1vel vai ao Parque Nacional da Tijuca"},"content":{"rendered":"<p><span data-sheets-root=\"1\">Instituto Moleque Mateiro de Educa\u00e7\u00e3o Ambiental<\/p>\n<p>Hoje, com dezenove anos de experi\u00eancia em projetos e cursos de educa\u00e7\u00e3o ambiental, afirmamos a nossa relev\u00e2ncia como Neg\u00f3cio de Impacto Socioambiental (NIS), por meio da atua\u00e7\u00e3o com escola, empresas, Unidades de Conserva\u00e7\u00e3o, pessoas e governos. Mais de 300 mil pessoas j\u00e1 foram impactadas diretamente pelos nossos projetos. E, em 2023, recebemos da C\u00e2mara dos Vereadores do Rio de Janeiro, uma mo\u00e7\u00e3o em reconhecimento \u00e0 nossa trajet\u00f3ria e contribui\u00e7\u00e3o para a constru\u00e7\u00e3o e difus\u00e3o da educa\u00e7\u00e3o ambiental pelo Brasil.<\/p>\n<p>Os participantes ter\u00e3o uma manh\u00e3 de muitas descobertas e encantamentos no Parque Nacional da Tijuca. Por meio de uma trilha leve vivenciaremos e entenderemos a import\u00e2ncia da conserva\u00e7\u00e3o da biodiversidade. Ser\u00e3o realizadas din\u00e2micas e jogos durante a atividade. A atividade \u00e9 voltada para alunos de escola p\u00fablica, e acontecar\u00e1 ao ar livre, por isso \u00e9 recomend\u00e1vel que os participantes estejam com cal\u00e7ado fechado, cal\u00e7a comprida e roupa confort\u00e1vel. O p\u00fablico geral pode ser inscrever como volunt\u00e1rio para apoiar na guarda das crian\u00e7as, por meio do whatsapp: 21 96876-6023 (Pablo).<\/span><\/p>\n","protected":false},"excerpt":{"rendered":"<p>Instituto Moleque Mateiro de Educa\u00e7\u00e3o Ambiental Hoje, com dezenove anos de experi\u00eancia em projetos e cursos de educa\u00e7\u00e3o ambiental, afirmamos a nossa relev\u00e2ncia como Neg\u00f3cio de Impacto Socioambiental (NIS), por [&hellip;]<\/p>\n","protected":false},"author":2,"featured_media":0,"template":"","meta":{"_tribe_events_status":"","_tribe_events_status_reason":"","footnotes":""},"tags":[51,57],"tribe_events_cat":[32],"class_list":["post-1252","tribe_events","type-tribe_events","status-publish","hentry","tag-10-anos","tag-adesao","tribe_events_cat-outros","cat_outros"],"_links":{"self":[{"href":"https:\/\/viradasustentavel.org.br\/rio-de-janeiro\/wp-json\/wp\/v2\/tribe_events\/1252","targetHints":{"allow":["GET"]}}],"collection":[{"href":"https:\/\/viradasustentavel.org.br\/rio-de-janeiro\/wp-json\/wp\/v2\/tribe_events"}],"about":[{"href":"https:\/\/viradasustentavel.org.br\/rio-de-janeiro\/wp-json\/wp\/v2\/types\/tribe_events"}],"author":[{"embeddable":true,"href":"https:\/\/viradasustentavel.org.br\/rio-de-janeiro\/wp-json\/wp\/v2\/users\/2"}],"version-history":[{"count":2,"href":"https:\/\/viradasustentavel.org.br\/rio-de-janeiro\/wp-json\/wp\/v2\/tribe_events\/1252\/revisions"}],"predecessor-version":[{"id":1499,"href":"https:\/\/viradasustentavel.org.br\/rio-de-janeiro\/wp-json\/wp\/v2\/tribe_events\/1252\/revisions\/1499"}],"wp:attachment":[{"href":"https:\/\/viradasustentavel.org.br\/rio-de-janeiro\/wp-json\/wp\/v2\/media?parent=1252"}],"wp:term":[{"taxonomy":"post_tag","embeddable":true,"href":"https:\/\/viradasustentavel.org.br\/rio-de-janeiro\/wp-json\/wp\/v2\/tags?post=1252"},{"taxonomy":"tribe_events_cat","embeddable":true,"href":"https:\/\/viradasustentavel.org.br\/rio-de-janeiro\/wp-json\/wp\/v2\/tribe_events_cat?post=1252"}],"curies":[{"name":"wp","href":"https:\/\/api.w.org\/{rel}","templated":true}]}}