{"id":1359,"date":"2025-10-14T17:52:03","date_gmt":"2025-10-14T20:52:03","guid":{"rendered":"https:\/\/viradasustentavel.org.br\/rio-de-janeiro\/eventos\/rio-de-janeiro-brasil-estrategias-nacionais-e-politicas-locais-em-curso-para-uma-transicao-justa-3\/"},"modified":"2025-10-15T18:37:02","modified_gmt":"2025-10-15T21:37:02","slug":"rio-de-janeiro-brasil-estrategias-nacionais-e-politicas-locais-em-curso-para-uma-transicao-justa-3","status":"publish","type":"tribe_events","link":"https:\/\/viradasustentavel.org.br\/rio-de-janeiro\/eventos\/rio-de-janeiro-brasil-estrategias-nacionais-e-politicas-locais-em-curso-para-uma-transicao-justa-3\/","title":{"rendered":"Rio de Janeiro, Brasil: estrat\u00e9gias nacionais e pol\u00edticas locais em curso para uma transi\u00e7\u00e3o justa"},"content":{"rendered":"<p>Este painel de abertura debate como o Rio de Janeiro est\u00e1 implementando pol\u00edticas para uma transi\u00e7\u00e3o energ\u00e9tica justa, alinhando estrat\u00e9gias locais com as diretrizes nacionais. Reunindo especialistas do Minist\u00e9rio do Meio Ambiente, da Subsecretaria de Mudan\u00e7as do Clima, do setor empresarial e da sociedade civil, a discuss\u00e3o vai explorar os desafios e as oportunidades para proteger a biodiversidade e promover um desenvolvimento sustent\u00e1vel e inclusivo na cidade e no pa\u00eds.<\/p>\n<p><strong>Media\u00e7\u00e3o:<\/strong> Eduardo Carvalho<\/p>\n<p><strong>Convidados:<br \/>\n<\/strong>Marcelo Queiroz<br \/>\nF\u00e1bio Toreta<br \/>\nAndr\u00e9 Palhano<\/p>\n<p>&nbsp;<\/p>\n<p><strong>Marcelo Queiroz<\/strong> \u2013 Secretaria Municipal do Ambiente e Clima do Rio de Janeiro (SMAC). \u00c9 advogado formado pela PUC-Rio, mestre em Economia pelo IBMEC-RJ e p\u00f3s-graduado em Direito Fiscal (PUC-Rio) e em Gest\u00e3o de Projetos (UFRJ). Iniciou sua carreira pol\u00edtica como o vereador mais jovem da C\u00e2mara do Rio, foi deputado estadual, secret\u00e1rio municipal de Administra\u00e7\u00e3o e Meio Ambiente e secret\u00e1rio estadual de Agricultura. \u00c9 deputado federal, com atua\u00e7\u00e3o destacada em pautas ligadas ao meio ambiente e a prote\u00e7\u00e3o animal e, atualmente, exerce novamente o cargo de secret\u00e1rio de Administra\u00e7\u00e3o da prefeitura do Rio de Janeiro.<\/p>\n<p><strong>F\u00e1bio Toreta<\/strong> \u2013 Chefe da Assessoria Especial de Comunica\u00e7\u00e3o Social (ASCOM) \u2013 MMA. Chefe da Assessoria Especial de Comunica\u00e7\u00e3o Social do Minist\u00e9rio do Meio Ambiente e Mudan\u00e7a do Clima. Especialista em comunica\u00e7\u00e3o estrat\u00e9gica, sustentabilidade e ESG, Fabio Toreta possui 24 anos de experi\u00eancia nos setores p\u00fablico, privado e terceiro setor, sendo oito anos dedicados ao setor p\u00fablico. Economista pela FAAP e mestre em Ci\u00eancias da Comunica\u00e7\u00e3o pela ECA-USP, tem uma s\u00f3lida trajet\u00f3ria na lideran\u00e7a de projetos de comunica\u00e7\u00e3o e impacto socioambiental. Atuou como Senior Advisor do NatureHub Brasil (2024), superintendente de Comunica\u00e7\u00e3o na Sabesp (2019-2023) e assessor de Comunica\u00e7\u00e3o na mesma empresa (2009-2012).<\/p>\n<p><strong>Andr\u00e9 Palhano<\/strong> \u2013 Jornalista de economia e fundador da Virada Sustent\u00e1vel. \u00c9 membro do Conselho de Administra\u00e7\u00e3o da Funda\u00e7\u00e3o Amaz\u00f4nia Sustent\u00e1vel (FAS), dos Conselhos da UMAPAZ da prefeitura de S\u00e3o Paulo, da Cidade Escola Aprendiz, da Associa\u00e7\u00e3o Brasileira dos Profissionais pelo Desenvolvimento Sustent\u00e1vel (Abraps) e da Rede de Repensadores. \u00c9 cofundador do Movimento Agora e integrante da primeira turma de l\u00edderes RAPS (Rede de A\u00e7\u00e3o Pol\u00edtica pela Sustentabilidade).&#8221;<\/p>\n","protected":false},"excerpt":{"rendered":"<p>Este painel de abertura debate como o Rio de Janeiro est\u00e1 implementando pol\u00edticas para uma transi\u00e7\u00e3o energ\u00e9tica justa, alinhando estrat\u00e9gias locais com as diretrizes nacionais. Reunindo especialistas do Minist\u00e9rio do [&hellip;]<\/p>\n","protected":false},"author":2,"featured_media":1596,"template":"","meta":{"_tribe_events_status":"","_tribe_events_status_reason":"","footnotes":""},"tags":[20,54,19],"tribe_events_cat":[18],"class_list":["post-1359","tribe_events","type-tribe_events","status-publish","has-post-thumbnail","hentry","tag-ccbb","tag-forum","tag-livre","tribe_events_cat-talks","cat_talks"],"_links":{"self":[{"href":"https:\/\/viradasustentavel.org.br\/rio-de-janeiro\/wp-json\/wp\/v2\/tribe_events\/1359","targetHints":{"allow":["GET"]}}],"collection":[{"href":"https:\/\/viradasustentavel.org.br\/rio-de-janeiro\/wp-json\/wp\/v2\/tribe_events"}],"about":[{"href":"https:\/\/viradasustentavel.org.br\/rio-de-janeiro\/wp-json\/wp\/v2\/types\/tribe_events"}],"author":[{"embeddable":true,"href":"https:\/\/viradasustentavel.org.br\/rio-de-janeiro\/wp-json\/wp\/v2\/users\/2"}],"version-history":[{"count":1,"href":"https:\/\/viradasustentavel.org.br\/rio-de-janeiro\/wp-json\/wp\/v2\/tribe_events\/1359\/revisions"}],"predecessor-version":[{"id":1597,"href":"https:\/\/viradasustentavel.org.br\/rio-de-janeiro\/wp-json\/wp\/v2\/tribe_events\/1359\/revisions\/1597"}],"wp:featuredmedia":[{"embeddable":true,"href":"https:\/\/viradasustentavel.org.br\/rio-de-janeiro\/wp-json\/wp\/v2\/media\/1596"}],"wp:attachment":[{"href":"https:\/\/viradasustentavel.org.br\/rio-de-janeiro\/wp-json\/wp\/v2\/media?parent=1359"}],"wp:term":[{"taxonomy":"post_tag","embeddable":true,"href":"https:\/\/viradasustentavel.org.br\/rio-de-janeiro\/wp-json\/wp\/v2\/tags?post=1359"},{"taxonomy":"tribe_events_cat","embeddable":true,"href":"https:\/\/viradasustentavel.org.br\/rio-de-janeiro\/wp-json\/wp\/v2\/tribe_events_cat?post=1359"}],"curies":[{"name":"wp","href":"https:\/\/api.w.org\/{rel}","templated":true}]}}