{"id":1978,"date":"2025-09-12T20:25:28","date_gmt":"2025-09-12T23:25:28","guid":{"rendered":"https:\/\/viradasustentavel.org.br\/sao-paulo\/eventos\/zona-autonoma-temporaria\/"},"modified":"2025-09-16T11:07:54","modified_gmt":"2025-09-16T14:07:54","slug":"zona-autonoma-temporaria","status":"publish","type":"tribe_events","link":"https:\/\/viradasustentavel.org.br\/sao-paulo\/eventos\/zona-autonoma-temporaria\/","title":{"rendered":"Zona aut\u00f4noma tempor\u00e1ria"},"content":{"rendered":"<p>A atividade consiste em realizarmos em grupo uma troca com o foco na vida l\u00fadica, colocando a natureza como protagonista. Iremos trabalhar com materiais naturais como: bambu, semente de jatob\u00e1, tintas de terra, assim como tamb\u00e9m artificiais, como canetas, tintas, poscas, papel canson, embalagens de produtos, r\u00f3tulos, entre outros. Por meio destes opostos vamos levantar pensamentos e ideias, por meio de din\u00e2micas, a fim de criar indaga\u00e7\u00f5es para os grupos participantes, para entendermos de onde estamos vindo, onde estamos e para onde continuaremos caminhando se n\u00e3o alteramos m\u00e9todos de consumo, sejam eles de qualquer forma. Os contextos que levantaremos ser\u00e3o com base no que \u00e9 sustento di\u00e1rio, o comum para todos. Utilizaremos o nosso corpo com isto, lembrando que este tamb\u00e9m \u00e9 territ\u00f3rio. Para n\u00e3o cairmos em ilus\u00f5es di\u00e1rias, como citou Criolo em sua m\u00fasica &#8220;&#8221;Esquiva da Esgrima&#8221;&#8221; \u201cnovas embalagens para antigos interesses\u201d, iremos rasgar embalagens, fazer colagens, construir pontes com coisas que muitas vezes s\u00e3o enterrados sem honra alguma, queremos trazer a vis\u00e3o para o que ningu\u00e9m v\u00ea, a produ\u00e7\u00e3o e o destino do que utilizamos. E trazer a consci\u00eancia n\u00e3o s\u00f3 para os objetos disso, mas como tamb\u00e9m as pessoas, que muitas vezes se tornam abjetos disto tudo. N\u00e3o queremos deixar de lado nada nem ningu\u00e9m, e para que nada seja esquecido, nessa oficina iremos at\u00e9 o final, caminharmos juntos, para que cada pessoa possa levar um copo de bambu ou uma arte no papel, ou qualquer lembran\u00e7a que seja! Esse \u00e9 objetivo da atividade, realizar trocas, a fim de construirmos algo novo juntos, que veio de algo que seria descartado, ou algo em que muitas vezes n\u00e3o pensamos em usar.<br \/>\nToda a proposta ser\u00e1 desenvolvida ao redor de uma kombi, que viajou o Brasil, e que carrega consigo muitas hist\u00f3rias, de como saber seguir por um caminho que n\u00e3o seja s\u00f3 imediatista, como muitas vezes essa pol\u00edtica do carro \u00e9, mas como quem leva sua casa em seu carro, um projeto em seu carro, e isso altera a maneira com a qual lidamos com diferentes ambientes, entendendo o nosso pa\u00eds (macro) para conseguir viver em um ambiente micro, reutilizando \u00e1guas, levantando dados, comunicando de maneiras exatas e coesas, e isso tudo reflete em pensamento sustent\u00e1vel. Trazer o novo respeitando a ancestralidade, como diria Ailton Krenak.<\/p>\n","protected":false},"excerpt":{"rendered":"<p>A atividade consiste em realizarmos em grupo uma troca com o foco na vida l\u00fadica, colocando a natureza como protagonista. Iremos trabalhar com materiais naturais como: bambu, semente de jatob\u00e1, [&hellip;]<\/p>\n","protected":false},"author":2,"featured_media":3792,"template":"","meta":{"_tribe_events_status":"","_tribe_events_status_reason":"","footnotes":""},"tags":[113],"tribe_events_cat":[107],"class_list":["post-1978","tribe_events","type-tribe_events","status-publish","has-post-thumbnail","hentry","tag-libras","tribe_events_cat-oficina","cat_oficina"],"_links":{"self":[{"href":"https:\/\/viradasustentavel.org.br\/sao-paulo\/wp-json\/wp\/v2\/tribe_events\/1978","targetHints":{"allow":["GET"]}}],"collection":[{"href":"https:\/\/viradasustentavel.org.br\/sao-paulo\/wp-json\/wp\/v2\/tribe_events"}],"about":[{"href":"https:\/\/viradasustentavel.org.br\/sao-paulo\/wp-json\/wp\/v2\/types\/tribe_events"}],"author":[{"embeddable":true,"href":"https:\/\/viradasustentavel.org.br\/sao-paulo\/wp-json\/wp\/v2\/users\/2"}],"version-history":[{"count":3,"href":"https:\/\/viradasustentavel.org.br\/sao-paulo\/wp-json\/wp\/v2\/tribe_events\/1978\/revisions"}],"predecessor-version":[{"id":7721,"href":"https:\/\/viradasustentavel.org.br\/sao-paulo\/wp-json\/wp\/v2\/tribe_events\/1978\/revisions\/7721"}],"wp:featuredmedia":[{"embeddable":true,"href":"https:\/\/viradasustentavel.org.br\/sao-paulo\/wp-json\/wp\/v2\/media\/3792"}],"wp:attachment":[{"href":"https:\/\/viradasustentavel.org.br\/sao-paulo\/wp-json\/wp\/v2\/media?parent=1978"}],"wp:term":[{"taxonomy":"post_tag","embeddable":true,"href":"https:\/\/viradasustentavel.org.br\/sao-paulo\/wp-json\/wp\/v2\/tags?post=1978"},{"taxonomy":"tribe_events_cat","embeddable":true,"href":"https:\/\/viradasustentavel.org.br\/sao-paulo\/wp-json\/wp\/v2\/tribe_events_cat?post=1978"}],"curies":[{"name":"wp","href":"https:\/\/api.w.org\/{rel}","templated":true}]}}