{"id":2061,"date":"2025-09-12T20:40:59","date_gmt":"2025-09-12T23:40:59","guid":{"rendered":"https:\/\/viradasustentavel.org.br\/sao-paulo\/eventos\/oficina-dancar-como-as-plantas\/"},"modified":"2025-09-12T20:40:59","modified_gmt":"2025-09-12T23:40:59","slug":"oficina-dancar-como-as-plantas","status":"publish","type":"tribe_events","link":"https:\/\/viradasustentavel.org.br\/sao-paulo\/eventos\/oficina-dancar-como-as-plantas\/","title":{"rendered":"Oficina: Dan\u00e7ar com(o) as plantas"},"content":{"rendered":"<p>Para al\u00e9m da biologia, da alimenta\u00e7\u00e3o, ou de ser m\u00e3e\/pai de planta, como mais podemos viver nossa rela\u00e7\u00e3o com as plantas? Nesta oficina vamos investigar como as plantas podem ser mestras para n\u00f3s em um n\u00edvel mais profundo do ser. Experimentaremos pr\u00e1ticas de observa\u00e7\u00e3o e movimento que nos ajudam a ir al\u00e9m da percep\u00e7\u00e3o automatizada e cultivar um olhar e uma participa\u00e7\u00e3o mais sens\u00edvel aos processos sutis que d\u00e3o forma \u00e0 vida. Que percep\u00e7\u00f5es podem ser convocadas por esse convite a dan\u00e7armos com(o) as plantas? Esta viv\u00eancia oferece um espa\u00e7o em que as plantas nos convidam a renovar nosso olhar, nossa presen\u00e7a e conex\u00e3o com o cosmos em nosso cotidiano.<\/p>\n","protected":false},"excerpt":{"rendered":"<p>Para al\u00e9m da biologia, da alimenta\u00e7\u00e3o, ou de ser m\u00e3e\/pai de planta, como mais podemos viver nossa rela\u00e7\u00e3o com as plantas? Nesta oficina vamos investigar como as plantas podem ser [&hellip;]<\/p>\n","protected":false},"author":2,"featured_media":0,"template":"","meta":{"_tribe_events_status":"","_tribe_events_status_reason":"","footnotes":""},"tags":[],"tribe_events_cat":[107],"class_list":["post-2061","tribe_events","type-tribe_events","status-publish","hentry","tribe_events_cat-oficina","cat_oficina"],"_links":{"self":[{"href":"https:\/\/viradasustentavel.org.br\/sao-paulo\/wp-json\/wp\/v2\/tribe_events\/2061","targetHints":{"allow":["GET"]}}],"collection":[{"href":"https:\/\/viradasustentavel.org.br\/sao-paulo\/wp-json\/wp\/v2\/tribe_events"}],"about":[{"href":"https:\/\/viradasustentavel.org.br\/sao-paulo\/wp-json\/wp\/v2\/types\/tribe_events"}],"author":[{"embeddable":true,"href":"https:\/\/viradasustentavel.org.br\/sao-paulo\/wp-json\/wp\/v2\/users\/2"}],"version-history":[{"count":0,"href":"https:\/\/viradasustentavel.org.br\/sao-paulo\/wp-json\/wp\/v2\/tribe_events\/2061\/revisions"}],"wp:attachment":[{"href":"https:\/\/viradasustentavel.org.br\/sao-paulo\/wp-json\/wp\/v2\/media?parent=2061"}],"wp:term":[{"taxonomy":"post_tag","embeddable":true,"href":"https:\/\/viradasustentavel.org.br\/sao-paulo\/wp-json\/wp\/v2\/tags?post=2061"},{"taxonomy":"tribe_events_cat","embeddable":true,"href":"https:\/\/viradasustentavel.org.br\/sao-paulo\/wp-json\/wp\/v2\/tribe_events_cat?post=2061"}],"curies":[{"name":"wp","href":"https:\/\/api.w.org\/{rel}","templated":true}]}}