{"id":823,"date":"2025-09-11T17:51:40","date_gmt":"2025-09-11T20:51:40","guid":{"rendered":"https:\/\/viradasustentavel.org.br\/sao-paulo\/eventos\/oficinas-de-arte-educacao-com-foco-em-conscientizacao-ambiental-projeto-retratos-plasticos\/"},"modified":"2025-09-12T09:19:24","modified_gmt":"2025-09-12T12:19:24","slug":"oficinas-de-arte-educacao-com-foco-em-conscientizacao-ambiental-projeto-retratos-plasticos","status":"publish","type":"tribe_events","link":"https:\/\/viradasustentavel.org.br\/sao-paulo\/eventos\/oficinas-de-arte-educacao-com-foco-em-conscientizacao-ambiental-projeto-retratos-plasticos\/","title":{"rendered":"Oficinas de Arte Educa\u00e7\u00e3o com foco em conscientiza\u00e7\u00e3o ambiental &#8211; Projeto Retratos Plasticos"},"content":{"rendered":"<p>O projeto \u201dRetratos Pl\u00e1sticos\u201d re\u00fane os pilares do ESG por meio de iniciativas que ampliam o universo art\u00edstico de Eduardo Srur para diversas frentes de realiza\u00e7\u00e3o: exposi\u00e7\u00e3o de artes visuais, sustentabilidade, oficinas de arte social, interven\u00e7\u00e3o urbana, tecnologia e experimenta\u00e7\u00e3o. O artista tem inovado nas artes pl\u00e1sticas com conceito e t\u00e9cnicas in\u00e9ditas que utilizam fragmentos pl\u00e1sticos para compor os trabalhos inspirados em pinturas famosas da Hist\u00f3ria da Arte. Sua produ\u00e7\u00e3o tem impactado diretamente as camadas mais vulner\u00e1veis da sociedade por meio de palestras e oficinas de arte-educa\u00e7\u00e3o para estudantes da rede publica de ensino. As oficinas promovem de forma did\u00e1tica e criativa a arte sustent\u00e1vel nas escolas com foco na conscientiza\u00e7\u00e3o ambiental.<\/p>\n","protected":false},"excerpt":{"rendered":"<p>O projeto \u201dRetratos Pl\u00e1sticos\u201d re\u00fane os pilares do ESG por meio de iniciativas que ampliam o universo art\u00edstico de Eduardo Srur para diversas frentes de realiza\u00e7\u00e3o: exposi\u00e7\u00e3o de artes visuais, [&hellip;]<\/p>\n","protected":false},"author":2,"featured_media":0,"template":"","meta":{"_tribe_events_status":"","_tribe_events_status_reason":"","footnotes":""},"tags":[92],"tribe_events_cat":[105],"class_list":["post-823","tribe_events","type-tribe_events","status-publish","hentry","tag-fund-i-e-fund-ii","tribe_events_cat-ceus","cat_ceus"],"_links":{"self":[{"href":"https:\/\/viradasustentavel.org.br\/sao-paulo\/wp-json\/wp\/v2\/tribe_events\/823","targetHints":{"allow":["GET"]}}],"collection":[{"href":"https:\/\/viradasustentavel.org.br\/sao-paulo\/wp-json\/wp\/v2\/tribe_events"}],"about":[{"href":"https:\/\/viradasustentavel.org.br\/sao-paulo\/wp-json\/wp\/v2\/types\/tribe_events"}],"author":[{"embeddable":true,"href":"https:\/\/viradasustentavel.org.br\/sao-paulo\/wp-json\/wp\/v2\/users\/2"}],"version-history":[{"count":1,"href":"https:\/\/viradasustentavel.org.br\/sao-paulo\/wp-json\/wp\/v2\/tribe_events\/823\/revisions"}],"predecessor-version":[{"id":1024,"href":"https:\/\/viradasustentavel.org.br\/sao-paulo\/wp-json\/wp\/v2\/tribe_events\/823\/revisions\/1024"}],"wp:attachment":[{"href":"https:\/\/viradasustentavel.org.br\/sao-paulo\/wp-json\/wp\/v2\/media?parent=823"}],"wp:term":[{"taxonomy":"post_tag","embeddable":true,"href":"https:\/\/viradasustentavel.org.br\/sao-paulo\/wp-json\/wp\/v2\/tags?post=823"},{"taxonomy":"tribe_events_cat","embeddable":true,"href":"https:\/\/viradasustentavel.org.br\/sao-paulo\/wp-json\/wp\/v2\/tribe_events_cat?post=823"}],"curies":[{"name":"wp","href":"https:\/\/api.w.org\/{rel}","templated":true}]}}