{"id":9764,"date":"2025-09-19T12:24:40","date_gmt":"2025-09-19T15:24:40","guid":{"rendered":"https:\/\/viradasustentavel.org.br\/sao-paulo\/?post_type=tribe_events&#038;p=9764"},"modified":"2025-09-19T12:24:40","modified_gmt":"2025-09-19T15:24:40","slug":"jornada-virtual-conhecendo-uma-cidade-inteligente","status":"publish","type":"tribe_events","link":"https:\/\/viradasustentavel.org.br\/sao-paulo\/eventos\/jornada-virtual-conhecendo-uma-cidade-inteligente\/","title":{"rendered":"Jornada Virtual: Conhecendo uma Cidade Inteligente"},"content":{"rendered":"<p>Viv\u00eancia, por meio dos \u00f3culos de realidade virtual, desenvolvida pela Ger\u00eancia de Tecnologias Aplicadas \u00e0 Educa\u00e7\u00e3o do Senac S\u00e3o Paulo, de uma cidade inteligente, explorando de forma imersiva sistemas de transporte p\u00fablico, energia limpa, conectividade digital e pr\u00e1ticas de sustentabilidade, em uma experi\u00eancia que estimula a curiosidade e a reflex\u00e3o sobre o futuro urbano.<\/p>\n<p><strong>Inscri\u00e7\u00e3o:<\/strong> <a href=\"https:\/\/forms.office.com\/Pages\/ResponsePage.aspx?id=BYI45EuVbUqheE_EO6cQAmndwE4oFRZPuyTJ79ac82lURDdCNDdCWUI2Q1QxVlY2Q1M4WVg4UEhJRi4u\">https:\/\/forms.office.com\/Pages\/ResponsePage.aspx?id=BYI45EuVbUqheE_EO6cQAmndwE4oFRZPuyTJ79ac82lURDdCNDdCWUI2Q1QxVlY2Q1M4WVg4UEhJRi4u<\/a><\/p>\n","protected":false},"excerpt":{"rendered":"<p>Viv\u00eancia, por meio dos \u00f3culos de realidade virtual, desenvolvida pela Ger\u00eancia de Tecnologias Aplicadas \u00e0 Educa\u00e7\u00e3o do Senac S\u00e3o Paulo, de uma cidade inteligente, explorando de forma imersiva sistemas de [&hellip;]<\/p>\n","protected":false},"author":2,"featured_media":0,"template":"","meta":{"_tribe_events_status":"","_tribe_events_status_reason":"","footnotes":""},"tags":[28],"tribe_events_cat":[130],"class_list":["post-9764","tribe_events","type-tribe_events","status-publish","hentry","tag-livre","tribe_events_cat-outros","cat_outros"],"_links":{"self":[{"href":"https:\/\/viradasustentavel.org.br\/sao-paulo\/wp-json\/wp\/v2\/tribe_events\/9764","targetHints":{"allow":["GET"]}}],"collection":[{"href":"https:\/\/viradasustentavel.org.br\/sao-paulo\/wp-json\/wp\/v2\/tribe_events"}],"about":[{"href":"https:\/\/viradasustentavel.org.br\/sao-paulo\/wp-json\/wp\/v2\/types\/tribe_events"}],"author":[{"embeddable":true,"href":"https:\/\/viradasustentavel.org.br\/sao-paulo\/wp-json\/wp\/v2\/users\/2"}],"version-history":[{"count":1,"href":"https:\/\/viradasustentavel.org.br\/sao-paulo\/wp-json\/wp\/v2\/tribe_events\/9764\/revisions"}],"predecessor-version":[{"id":9765,"href":"https:\/\/viradasustentavel.org.br\/sao-paulo\/wp-json\/wp\/v2\/tribe_events\/9764\/revisions\/9765"}],"wp:attachment":[{"href":"https:\/\/viradasustentavel.org.br\/sao-paulo\/wp-json\/wp\/v2\/media?parent=9764"}],"wp:term":[{"taxonomy":"post_tag","embeddable":true,"href":"https:\/\/viradasustentavel.org.br\/sao-paulo\/wp-json\/wp\/v2\/tags?post=9764"},{"taxonomy":"tribe_events_cat","embeddable":true,"href":"https:\/\/viradasustentavel.org.br\/sao-paulo\/wp-json\/wp\/v2\/tribe_events_cat?post=9764"}],"curies":[{"name":"wp","href":"https:\/\/api.w.org\/{rel}","templated":true}]}}